{"id":25482,"date":"2020-07-08T17:55:18","date_gmt":"2020-07-08T17:55:18","guid":{"rendered":"https:\/\/prueba.fortissimomedia.com\/?page_id=25482"},"modified":"2022-02-08T19:04:49","modified_gmt":"2022-02-08T19:04:49","slug":"news","status":"publish","type":"page","link":"https:\/\/www.joelprieto.com\/es\/news\/","title":{"rendered":"Noticias"},"content":{"rendered":"<div data-elementor-type=\"wp-page\" data-elementor-id=\"25482\" class=\"elementor elementor-25482\" data-elementor-post-type=\"page\">\n\t\t\t\t\t\t<section class=\"elementor-section elementor-top-section elementor-element elementor-element-1971616 elementor-section-boxed elementor-section-height-default elementor-section-height-default\" data-id=\"1971616\" data-element_type=\"section\" data-e-type=\"section\">\n\t\t\t\t\t\t<div class=\"elementor-container elementor-column-gap-default\">\n\t\t\t\t\t<div class=\"elementor-column elementor-col-100 elementor-top-column elementor-element elementor-element-144605c\" data-id=\"144605c\" data-element_type=\"column\" data-e-type=\"column\">\n\t\t\t<div class=\"elementor-widget-wrap elementor-element-populated\">\n\t\t\t\t\t\t<div class=\"elementor-element elementor-element-4c86328 elementor-widget elementor-widget-heading\" data-id=\"4c86328\" data-element_type=\"widget\" data-e-type=\"widget\" data-widget_type=\"heading.default\">\n\t\t\t\t<div class=\"elementor-widget-container\">\n\t\t\t\t\t<h3 class=\"elementor-heading-title elementor-size-default\">Noticias<\/h3>\t\t\t\t<\/div>\n\t\t\t\t<\/div>\n\t\t\t\t<div class=\"elementor-element elementor-element-8488a6e premium-blog__carousel-yes elementor-hidden-desktop elementor-hidden-tablet elementor-hidden-phone premium-blog-align-left elementor-widget elementor-widget-premium-addon-blog\" data-id=\"8488a6e\" data-element_type=\"widget\" data-e-type=\"widget\" data-settings=\"{&quot;premium_blog_carousel&quot;:&quot;yes&quot;,&quot;premium_blog_carousel_play&quot;:&quot;yes&quot;,&quot;slides_to_scroll&quot;:1,&quot;premium_blog_carousel_center&quot;:&quot;yes&quot;,&quot;premium_blog_carousel_spacing&quot;:1,&quot;premium_blog_carousel_dots&quot;:&quot;yes&quot;,&quot;premium_blog_carousel_autoplay_speed&quot;:5000,&quot;carousel_speed&quot;:300,&quot;premium_blog_carousel_arrows&quot;:&quot;yes&quot;,&quot;arrows_position&quot;:&quot;default&quot;}\" data-widget_type=\"premium-addon-blog.default\">\n\t\t\t\t<div class=\"elementor-widget-container\">\n\t\t\t\t\t\n\t\t\n\n\t\t\t\t<div class=\"premium-blog-wrap  premium-blog-list premium-carousel-hidden\" data-page=\"25482\">\n\t\t\t\t\t\t\t\t\t<div class=\"premium-blog-post-outer-container\" data-total=\"24\">\n\t\t\t<div class=\"premium-blog-post-container premium-blog-skin-modern\">\n\t\t\t\t\t\t\t\t\t<div class=\"premium-blog-thumb-effect-wrapper\">\n\t\t\t\t\t\t<div class=\"premium-blog-thumbnail-container premium-blog-zoomout-effect\">\n\t\t\t\t\t\t\t\t\t\t\t<a href=\"https:\/\/www.joelprieto.com\/es\/2021\/11\/10\/entrevista-en-scherzo\/\" target=\"_blank\">\n\t\t\t\t<img fetchpriority=\"high\" decoding=\"async\" width=\"1500\" height=\"1001\" src=\"https:\/\/www.joelprieto.com\/wp-content\/uploads\/2021\/01\/portrait-blue-1.jpg\" class=\"attachment-full size-full wp-image-26653\" alt=\"\" srcset=\"https:\/\/www.joelprieto.com\/wp-content\/uploads\/2021\/01\/portrait-blue-1.jpg 1500w, https:\/\/www.joelprieto.com\/wp-content\/uploads\/2021\/01\/portrait-blue-1-300x200.jpg 300w, https:\/\/www.joelprieto.com\/wp-content\/uploads\/2021\/01\/portrait-blue-1-1024x683.jpg 1024w, https:\/\/www.joelprieto.com\/wp-content\/uploads\/2021\/01\/portrait-blue-1-768x513.jpg 768w, https:\/\/www.joelprieto.com\/wp-content\/uploads\/2021\/01\/portrait-blue-1-520x347.jpg 520w, https:\/\/www.joelprieto.com\/wp-content\/uploads\/2021\/01\/portrait-blue-1-80x53.jpg 80w\" sizes=\"(max-width: 1500px) 100vw, 1500px\" \/>\t\t\t\t<\/a>\n\t\t\t\t\t\t\t\t\t\t<\/div>\n\t\t\t\t\t\t\t\t\t\t\t\t\t<div class=\"premium-blog-effect-container premium-blog-framed-effect\">\n\t\t\t\t\t\t\t\t<a class=\"premium-blog-post-link\" href=\"https:\/\/www.joelprieto.com\/es\/2021\/11\/10\/entrevista-en-scherzo\/\" target=\"_blank\"><span>Entrevista en Scherzo<\/span><\/a>\n\t\t\t\t\t\t\t\t\t\t\t\t\t\t\t<\/div>\n\t\t\t\t\t\t\t\t\t\t\t<\/div>\n\t\t\t\t\t\t\t\t\t\t\t\t<div class=\"premium-blog-content-wrapper\">\n\n\t\t\t\t\t<div class=\"premium-blog-inner-container\">\n\n\t\t\t\t\t\t\t\t\t\t\t\t\t\t<h2 class=\"premium-blog-entry-title\">\n\t\t\t<a href=\"https:\/\/www.joelprieto.com\/es\/2021\/11\/10\/entrevista-en-scherzo\/\" target=\"_blank\">\n\t\t\t\tEntrevista en Scherzo\t\t\t<\/a>\n\t\t<\/h2>\n\t\t\t\t<div class=\"premium-blog-entry-meta\">\n\t\t\t\n\t\t\t\n\t\t\t\n\t\t\t\t\t<\/div>\n\t\t\n\t\t\t\t\t<\/div>\n\n\t\t\t\t\t\t\t<div class=\"premium-blog-content-inner-wrapper\">\n\t\t<p class=\"premium-blog-post-content\">&nbsp; El mundo lo conocio\u0301 de la noche a la man\u0303ana cuando, en 2008, se alzaba con el primer premio del concurso Operalia. Trece an\u0303os ma\u0301s tarde, es imposible concebir la escena operi\u0301stica sin e\u0301l. E\u0301l es Joel Prieto (Madrid, 1981), un cantante versa\u0301til, con un amplio repertorio que va \u2026<\/p>\t\t<\/div>\n\t\t\t\t\t\t\t\n\t\t\t\t<\/div>\n\t\t\t<\/div>\n\t\t<\/div>\n\n\t\t\t\t<div class=\"premium-blog-post-outer-container\" data-total=\"24\">\n\t\t\t<div class=\"premium-blog-post-container premium-blog-skin-modern\">\n\t\t\t\t\t\t\t\t\t<div class=\"premium-blog-thumb-effect-wrapper\">\n\t\t\t\t\t\t<div class=\"premium-blog-thumbnail-container premium-blog-zoomout-effect\">\n\t\t\t\t\t\t\t\t\t\t\t<a href=\"https:\/\/www.joelprieto.com\/es\/2021\/09\/05\/joel-prieto-will-make-his-debut-in-the-role-of-don-jose\/\" target=\"_blank\">\n\t\t\t\t<img decoding=\"async\" width=\"761\" height=\"506\" src=\"https:\/\/www.joelprieto.com\/wp-content\/uploads\/2021\/09\/Carmen-Alicante-cartelb.jpg\" class=\"attachment-full size-full wp-image-27578\" alt=\"\" srcset=\"https:\/\/www.joelprieto.com\/wp-content\/uploads\/2021\/09\/Carmen-Alicante-cartelb.jpg 761w, https:\/\/www.joelprieto.com\/wp-content\/uploads\/2021\/09\/Carmen-Alicante-cartelb-300x199.jpg 300w, https:\/\/www.joelprieto.com\/wp-content\/uploads\/2021\/09\/Carmen-Alicante-cartelb-16x12.jpg 16w\" sizes=\"(max-width: 761px) 100vw, 761px\" \/>\t\t\t\t<\/a>\n\t\t\t\t\t\t\t\t\t\t<\/div>\n\t\t\t\t\t\t\t\t\t\t\t\t\t<div class=\"premium-blog-effect-container premium-blog-framed-effect\">\n\t\t\t\t\t\t\t\t<a class=\"premium-blog-post-link\" href=\"https:\/\/www.joelprieto.com\/es\/2021\/09\/05\/joel-prieto-will-make-his-debut-in-the-role-of-don-jose\/\" target=\"_blank\"><span>Joel Prieto will make his debut in the role of Don Jose<\/span><\/a>\n\t\t\t\t\t\t\t\t\t\t\t\t\t\t\t<\/div>\n\t\t\t\t\t\t\t\t\t\t\t<\/div>\n\t\t\t\t\t\t\t\t\t\t\t\t<div class=\"premium-blog-content-wrapper\">\n\n\t\t\t\t\t<div class=\"premium-blog-inner-container\">\n\n\t\t\t\t\t\t\t\t\t\t\t\t\t\t<h2 class=\"premium-blog-entry-title\">\n\t\t\t<a href=\"https:\/\/www.joelprieto.com\/es\/2021\/09\/05\/joel-prieto-will-make-his-debut-in-the-role-of-don-jose\/\" target=\"_blank\">\n\t\t\t\tJoel Prieto will make his debut in the role of Don Jose\t\t\t<\/a>\n\t\t<\/h2>\n\t\t\t\t<div class=\"premium-blog-entry-meta\">\n\t\t\t\n\t\t\t\n\t\t\t\n\t\t\t\t\t<\/div>\n\t\t\n\t\t\t\t\t<\/div>\n\n\t\t\t\t\t\t\t<div class=\"premium-blog-content-inner-wrapper\">\n\t\t<p class=\"premium-blog-post-content\">&nbsp; Next November the tenor Joel Prieto will make his debut in the role of Don Jos\u00e9 from the opera Carmen by Georges Bizet. Maestro Josep Vicent will lead the ADDA Simph\u00f2nica orchestra, along with the soloists Sandra Ferr\u00e1ndez, Beatriz D\u00edaz, and Sim\u00f3n Orfila, among others. The performances will be \u2026<\/p>\t\t<\/div>\n\t\t\t\t\t\t\t\n\t\t\t\t<\/div>\n\t\t\t<\/div>\n\t\t<\/div>\n\n\t\t\t\t<div class=\"premium-blog-post-outer-container\" data-total=\"24\">\n\t\t\t<div class=\"premium-blog-post-container premium-blog-skin-modern\">\n\t\t\t\t\t\t\t\t\t<div class=\"premium-blog-thumb-effect-wrapper\">\n\t\t\t\t\t\t<div class=\"premium-blog-thumbnail-container premium-blog-zoomout-effect\">\n\t\t\t\t\t\t\t\t\t\t\t<a href=\"https:\/\/www.joelprieto.com\/es\/2019\/06\/04\/joel-prieto-will-close-the-oviedo-zarzuela-festival-and-return-to-salzburg-festival-2\/\" target=\"_blank\">\n\t\t\t\t<img decoding=\"async\" width=\"851\" height=\"315\" src=\"https:\/\/www.joelprieto.com\/wp-content\/uploads\/2019\/06\/joel-prieto-web.jpg\" class=\"attachment-full size-full wp-image-1344\" alt=\"\" srcset=\"https:\/\/www.joelprieto.com\/wp-content\/uploads\/2019\/06\/joel-prieto-web.jpg 851w, https:\/\/www.joelprieto.com\/wp-content\/uploads\/2019\/06\/joel-prieto-web-300x111.jpg 300w, https:\/\/www.joelprieto.com\/wp-content\/uploads\/2019\/06\/joel-prieto-web-768x284.jpg 768w, https:\/\/www.joelprieto.com\/wp-content\/uploads\/2019\/06\/joel-prieto-web-520x192.jpg 520w, https:\/\/www.joelprieto.com\/wp-content\/uploads\/2019\/06\/joel-prieto-web-80x30.jpg 80w\" sizes=\"(max-width: 851px) 100vw, 851px\" \/>\t\t\t\t<\/a>\n\t\t\t\t\t\t\t\t\t\t<\/div>\n\t\t\t\t\t\t\t\t\t\t\t\t\t<div class=\"premium-blog-effect-container premium-blog-framed-effect\">\n\t\t\t\t\t\t\t\t<a class=\"premium-blog-post-link\" href=\"https:\/\/www.joelprieto.com\/es\/2019\/06\/04\/joel-prieto-will-close-the-oviedo-zarzuela-festival-and-return-to-salzburg-festival-2\/\" target=\"_blank\"><span>Joel Prieto will close the Oviedo Zarzuela Festival and return to Salzburg Festival<\/span><\/a>\n\t\t\t\t\t\t\t\t\t\t\t\t\t\t\t<\/div>\n\t\t\t\t\t\t\t\t\t\t\t<\/div>\n\t\t\t\t\t\t\t\t\t\t\t\t<div class=\"premium-blog-content-wrapper\">\n\n\t\t\t\t\t<div class=\"premium-blog-inner-container\">\n\n\t\t\t\t\t\t\t\t\t\t\t\t\t\t<h2 class=\"premium-blog-entry-title\">\n\t\t\t<a href=\"https:\/\/www.joelprieto.com\/es\/2019\/06\/04\/joel-prieto-will-close-the-oviedo-zarzuela-festival-and-return-to-salzburg-festival-2\/\" target=\"_blank\">\n\t\t\t\tJoel Prieto will close the Oviedo Zarzuela Festival and return to Salzburg Festival\t\t\t<\/a>\n\t\t<\/h2>\n\t\t\t\t<div class=\"premium-blog-entry-meta\">\n\t\t\t\n\t\t\t\n\t\t\t\n\t\t\t\t\t<\/div>\n\t\t\n\t\t\t\t\t<\/div>\n\n\t\t\t\t\t\t\t<div class=\"premium-blog-content-inner-wrapper\">\n\t\t<p class=\"premium-blog-post-content\">&nbsp; The acclaimed tenor will make his debut at the Teatro Campoamor in June as the male lead in the popular Luisa Fernanda and in summer he will return to the Austrian festival with Orph\u00e9e aux Enfers June 2019. Joel Prieto continues with his list of engagements in Spain. He \u2026<\/p>\t\t<\/div>\n\t\t\t\t\t\t\t\n\t\t\t\t<\/div>\n\t\t\t<\/div>\n\t\t<\/div>\n\n\t\t\t\t\t\t\t<\/div>\n\n\t\t\n\t\t\n\t\t\t\t\t\t<\/div>\n\t\t\t\t<\/div>\n\t\t\t\t<div class=\"elementor-element elementor-element-3f40874 premium-blog-align-left elementor-widget elementor-widget-premium-addon-blog\" data-id=\"3f40874\" data-element_type=\"widget\" data-e-type=\"widget\" data-widget_type=\"premium-addon-blog.default\">\n\t\t\t\t<div class=\"elementor-widget-container\">\n\t\t\t\t\t\n\t\t\n\n\t\t\t\t<div class=\"premium-blog-wrap  premium-blog-list\" data-page=\"25482\">\n\t\t\t\t\t\t\t\t\t<div class=\"premium-blog-post-outer-container\" data-total=\"72\">\n\t\t\t<div class=\"premium-blog-post-container premium-blog-skin-side\">\n\t\t\t\t\t\t\t\t\t<div class=\"premium-blog-thumb-effect-wrapper\">\n\t\t\t\t\t\t<div class=\"premium-blog-thumbnail-container premium-blog-zoomout-effect\">\n\t\t\t\t\t\t\t<img fetchpriority=\"high\" decoding=\"async\" width=\"1500\" height=\"1001\" src=\"https:\/\/www.joelprieto.com\/wp-content\/uploads\/2021\/01\/portrait-blue-1.jpg\" class=\"attachment-full size-full wp-image-26653\" alt=\"\" srcset=\"https:\/\/www.joelprieto.com\/wp-content\/uploads\/2021\/01\/portrait-blue-1.jpg 1500w, https:\/\/www.joelprieto.com\/wp-content\/uploads\/2021\/01\/portrait-blue-1-300x200.jpg 300w, https:\/\/www.joelprieto.com\/wp-content\/uploads\/2021\/01\/portrait-blue-1-1024x683.jpg 1024w, https:\/\/www.joelprieto.com\/wp-content\/uploads\/2021\/01\/portrait-blue-1-768x513.jpg 768w, https:\/\/www.joelprieto.com\/wp-content\/uploads\/2021\/01\/portrait-blue-1-520x347.jpg 520w, https:\/\/www.joelprieto.com\/wp-content\/uploads\/2021\/01\/portrait-blue-1-80x53.jpg 80w\" sizes=\"(max-width: 1500px) 100vw, 1500px\" \/>\t\t\t\t\t\t<\/div>\n\t\t\t\t\t\t\t\t\t\t\t\t\t<div class=\"premium-blog-thumbnail-overlay\">\n\t\t\t\t\t\t\t\t<a class=\"elementor-icon\" href=\"https:\/\/www.joelprieto.com\/es\/2021\/11\/10\/entrevista-en-scherzo\/\" target=\"_self\"><\/a>\n\t\t\t\t\t\t\t<\/div>\n\n\t\t\t\t\t\t\t\t\t\t\t\t\t\t\t\t\t\t<\/div>\n\t\t\t\t\t\t\t\t\t\t\t\t<div class=\"premium-blog-content-wrapper\">\n\n\t\t\t\t\t<div class=\"premium-blog-inner-container\">\n\n\t\t\t\t\t\t\t\t\t\t\t\t\t\t<h2 class=\"premium-blog-entry-title\">\n\t\t\t<a href=\"https:\/\/www.joelprieto.com\/es\/2021\/11\/10\/entrevista-en-scherzo\/\" target=\"_self\">\n\t\t\t\tEntrevista en Scherzo\t\t\t<\/a>\n\t\t<\/h2>\n\t\t\t\t<div class=\"premium-blog-entry-meta\">\n\t\t\t\n\t\t\t\n\t\t\t\n\t\t\t\t\t<\/div>\n\t\t\n\t\t\t\t\t<\/div>\n\n\t\t\t\t\t\t\t<div class=\"premium-blog-content-inner-wrapper premium-blog-content-inner-wrapper\">\n\t\t<p class=\"premium-blog-post-content\">&nbsp; El mundo lo conocio\u0301 de la noche a la man\u0303ana cuando, en 2008, se alzaba con el primer premio del concurso Operalia. Trece an\u0303os ma\u0301s tarde, es imposible concebir la escena operi\u0301stica sin e\u0301l. E\u0301l es Joel Prieto (Madrid, 1981), un cantante versa\u0301til, con un amplio repertorio que va \u2026<\/p>\t\t<\/div>\n\t\t\t\t\t\t\t\n\t\t\t\t<\/div>\n\t\t\t<\/div>\n\t\t<\/div>\n\n\t\t\t\t\t\t\t<\/div>\n\n\t\t\n\t\t\n\t\t\t\t\t\t<\/div>\n\t\t\t\t<\/div>\n\t\t\t\t<div class=\"elementor-element elementor-element-5cf5636 elementor-widget elementor-widget-heading\" data-id=\"5cf5636\" data-element_type=\"widget\" data-e-type=\"widget\" data-widget_type=\"heading.default\">\n\t\t\t\t<div class=\"elementor-widget-container\">\n\t\t\t\t\t<h3 class=\"elementor-heading-title elementor-size-default\">Previous<\/h3>\t\t\t\t<\/div>\n\t\t\t\t<\/div>\n\t\t\t\t<div class=\"elementor-element elementor-element-4fdc4cc premium-blog-align-left elementor-widget elementor-widget-premium-addon-blog\" data-id=\"4fdc4cc\" data-element_type=\"widget\" data-e-type=\"widget\" data-settings=\"{&quot;force_height&quot;:&quot;true&quot;,&quot;premium_blog_grid&quot;:&quot;yes&quot;,&quot;premium_blog_layout&quot;:&quot;even&quot;,&quot;premium_blog_columns_number&quot;:&quot;50%&quot;,&quot;premium_blog_columns_number_tablet&quot;:&quot;50%&quot;,&quot;premium_blog_columns_number_mobile&quot;:&quot;100%&quot;,&quot;scroll_to_offset&quot;:&quot;yes&quot;}\" data-widget_type=\"premium-addon-blog.default\">\n\t\t\t\t<div class=\"elementor-widget-container\">\n\t\t\t\t\t\n\t\t\n\n\t\t\t\t<div class=\"premium-blog-wrap  premium-blog-even\" data-page=\"25482\" data-pagination=\"true\">\n\t\t\t\t\t\t\t\t\t<div class=\"premium-blog-post-outer-container\" data-total=\"30\">\n\t\t\t<div class=\"premium-blog-post-container premium-blog-skin-modern\">\n\t\t\t\t\t\t\t\t\t<div class=\"premium-blog-thumb-effect-wrapper\">\n\t\t\t\t\t\t<div class=\"premium-blog-thumbnail-container premium-blog-zoomout-effect\">\n\t\t\t\t\t\t\t\t\t\t\t<a href=\"https:\/\/www.joelprieto.com\/es\/2021\/09\/05\/joel-prieto-will-make-his-debut-in-the-role-of-don-jose\/\" target=\"_self\">\n\t\t\t\t<img decoding=\"async\" width=\"761\" height=\"506\" src=\"https:\/\/www.joelprieto.com\/wp-content\/uploads\/2021\/09\/Carmen-Alicante-cartelb.jpg\" class=\"attachment-full size-full wp-image-27578\" alt=\"\" srcset=\"https:\/\/www.joelprieto.com\/wp-content\/uploads\/2021\/09\/Carmen-Alicante-cartelb.jpg 761w, https:\/\/www.joelprieto.com\/wp-content\/uploads\/2021\/09\/Carmen-Alicante-cartelb-300x199.jpg 300w, https:\/\/www.joelprieto.com\/wp-content\/uploads\/2021\/09\/Carmen-Alicante-cartelb-16x12.jpg 16w\" sizes=\"(max-width: 761px) 100vw, 761px\" \/>\t\t\t\t<\/a>\n\t\t\t\t\t\t\t\t\t\t<\/div>\n\t\t\t\t\t\t\t\t\t\t\t\t\t<div class=\"premium-blog-effect-container premium-blog-framed-effect\">\n\t\t\t\t\t\t\t\t<a class=\"premium-blog-post-link\" href=\"https:\/\/www.joelprieto.com\/es\/2021\/09\/05\/joel-prieto-will-make-his-debut-in-the-role-of-don-jose\/\" target=\"_self\"><span>Joel Prieto will make his debut in the role of Don Jose<\/span><\/a>\n\t\t\t\t\t\t\t\t\t\t\t\t\t\t\t<\/div>\n\t\t\t\t\t\t\t\t\t\t\t<\/div>\n\t\t\t\t\t\t\t\t\t\t\t\t<div class=\"premium-blog-content-wrapper\">\n\n\t\t\t\t\t<div class=\"premium-blog-inner-container\">\n\n\t\t\t\t\t\t\t\t\t\t\t\t\t\t<h2 class=\"premium-blog-entry-title\">\n\t\t\t<a href=\"https:\/\/www.joelprieto.com\/es\/2021\/09\/05\/joel-prieto-will-make-his-debut-in-the-role-of-don-jose\/\" target=\"_self\">\n\t\t\t\tJoel Prieto will make his debut in the role of Don Jose\t\t\t<\/a>\n\t\t<\/h2>\n\t\t\t\t<div class=\"premium-blog-entry-meta\">\n\t\t\t\n\t\t\t\n\t\t\t\n\t\t\t\t\t<\/div>\n\t\t\n\t\t\t\t\t<\/div>\n\n\t\t\t\t\t\t\t<div class=\"premium-blog-content-inner-wrapper premium-blog-content-inner-wrapper\">\n\t\t<p class=\"premium-blog-post-content\">&nbsp; Next November the tenor Joel Prieto will make his debut in the role of Don Jos\u00e9 from the opera Carmen by \u2026<\/p>\t\t<\/div>\n\t\t\t\t\t\t\t\n\t\t\t\t<\/div>\n\t\t\t<\/div>\n\t\t<\/div>\n\n\t\t\t\t<div class=\"premium-blog-post-outer-container\" data-total=\"30\">\n\t\t\t<div class=\"premium-blog-post-container premium-blog-skin-modern\">\n\t\t\t\t\t\t\t\t\t<div class=\"premium-blog-thumb-effect-wrapper\">\n\t\t\t\t\t\t<div class=\"premium-blog-thumbnail-container premium-blog-zoomout-effect\">\n\t\t\t\t\t\t\t\t\t\t\t<a href=\"https:\/\/www.joelprieto.com\/es\/2019\/06\/04\/joel-prieto-will-close-the-oviedo-zarzuela-festival-and-return-to-salzburg-festival-2\/\" target=\"_self\">\n\t\t\t\t<img decoding=\"async\" width=\"851\" height=\"315\" src=\"https:\/\/www.joelprieto.com\/wp-content\/uploads\/2019\/06\/joel-prieto-web.jpg\" class=\"attachment-full size-full wp-image-1344\" alt=\"\" srcset=\"https:\/\/www.joelprieto.com\/wp-content\/uploads\/2019\/06\/joel-prieto-web.jpg 851w, https:\/\/www.joelprieto.com\/wp-content\/uploads\/2019\/06\/joel-prieto-web-300x111.jpg 300w, https:\/\/www.joelprieto.com\/wp-content\/uploads\/2019\/06\/joel-prieto-web-768x284.jpg 768w, https:\/\/www.joelprieto.com\/wp-content\/uploads\/2019\/06\/joel-prieto-web-520x192.jpg 520w, https:\/\/www.joelprieto.com\/wp-content\/uploads\/2019\/06\/joel-prieto-web-80x30.jpg 80w\" sizes=\"(max-width: 851px) 100vw, 851px\" \/>\t\t\t\t<\/a>\n\t\t\t\t\t\t\t\t\t\t<\/div>\n\t\t\t\t\t\t\t\t\t\t\t\t\t<div class=\"premium-blog-effect-container premium-blog-framed-effect\">\n\t\t\t\t\t\t\t\t<a class=\"premium-blog-post-link\" href=\"https:\/\/www.joelprieto.com\/es\/2019\/06\/04\/joel-prieto-will-close-the-oviedo-zarzuela-festival-and-return-to-salzburg-festival-2\/\" target=\"_self\"><span>Joel Prieto will close the Oviedo Zarzuela Festival and return to Salzburg Festival<\/span><\/a>\n\t\t\t\t\t\t\t\t\t\t\t\t\t\t\t<\/div>\n\t\t\t\t\t\t\t\t\t\t\t<\/div>\n\t\t\t\t\t\t\t\t\t\t\t\t<div class=\"premium-blog-content-wrapper\">\n\n\t\t\t\t\t<div class=\"premium-blog-inner-container\">\n\n\t\t\t\t\t\t\t\t\t\t\t\t\t\t<h2 class=\"premium-blog-entry-title\">\n\t\t\t<a href=\"https:\/\/www.joelprieto.com\/es\/2019\/06\/04\/joel-prieto-will-close-the-oviedo-zarzuela-festival-and-return-to-salzburg-festival-2\/\" target=\"_self\">\n\t\t\t\tJoel Prieto will close the Oviedo Zarzuela Festival and return to Salzburg Festival\t\t\t<\/a>\n\t\t<\/h2>\n\t\t\t\t<div class=\"premium-blog-entry-meta\">\n\t\t\t\n\t\t\t\n\t\t\t\n\t\t\t\t\t<\/div>\n\t\t\n\t\t\t\t\t<\/div>\n\n\t\t\t\t\t\t\t<div class=\"premium-blog-content-inner-wrapper premium-blog-content-inner-wrapper\">\n\t\t<p class=\"premium-blog-post-content\">&nbsp; The acclaimed tenor will make his debut at the Teatro Campoamor in June as the male lead in the popular Luisa \u2026<\/p>\t\t<\/div>\n\t\t\t\t\t\t\t\n\t\t\t\t<\/div>\n\t\t\t<\/div>\n\t\t<\/div>\n\n\t\t\t\t<div class=\"premium-blog-post-outer-container\" data-total=\"30\">\n\t\t\t<div class=\"premium-blog-post-container premium-blog-skin-modern\">\n\t\t\t\t\t\t\t\t\t<div class=\"premium-blog-thumb-effect-wrapper\">\n\t\t\t\t\t\t<div class=\"premium-blog-thumbnail-container premium-blog-zoomout-effect\">\n\t\t\t\t\t\t\t\t\t\t\t<a href=\"https:\/\/www.joelprieto.com\/es\/2019\/03\/19\/joel-prieto-returns-to-the-teatro-real-in-madrid-as-fenton-in-falstaff\/\" target=\"_self\">\n\t\t\t\t<img loading=\"lazy\" decoding=\"async\" width=\"851\" height=\"315\" src=\"https:\/\/www.joelprieto.com\/wp-content\/uploads\/2019\/03\/Portada-Facebook_Falstaff-Madrid-copia.jpg\" class=\"attachment-full size-full wp-image-1335\" alt=\"\" srcset=\"https:\/\/www.joelprieto.com\/wp-content\/uploads\/2019\/03\/Portada-Facebook_Falstaff-Madrid-copia.jpg 851w, https:\/\/www.joelprieto.com\/wp-content\/uploads\/2019\/03\/Portada-Facebook_Falstaff-Madrid-copia-300x111.jpg 300w, https:\/\/www.joelprieto.com\/wp-content\/uploads\/2019\/03\/Portada-Facebook_Falstaff-Madrid-copia-768x284.jpg 768w, https:\/\/www.joelprieto.com\/wp-content\/uploads\/2019\/03\/Portada-Facebook_Falstaff-Madrid-copia-520x192.jpg 520w, https:\/\/www.joelprieto.com\/wp-content\/uploads\/2019\/03\/Portada-Facebook_Falstaff-Madrid-copia-80x30.jpg 80w\" sizes=\"(max-width: 851px) 100vw, 851px\" \/>\t\t\t\t<\/a>\n\t\t\t\t\t\t\t\t\t\t<\/div>\n\t\t\t\t\t\t\t\t\t\t\t\t\t<div class=\"premium-blog-effect-container premium-blog-framed-effect\">\n\t\t\t\t\t\t\t\t<a class=\"premium-blog-post-link\" href=\"https:\/\/www.joelprieto.com\/es\/2019\/03\/19\/joel-prieto-returns-to-the-teatro-real-in-madrid-as-fenton-in-falstaff\/\" target=\"_self\"><span>Joel Prieto returns to the Teatro Real in Madrid as Fenton in &#8220;Falstaff&#8221;<\/span><\/a>\n\t\t\t\t\t\t\t\t\t\t\t\t\t\t\t<\/div>\n\t\t\t\t\t\t\t\t\t\t\t<\/div>\n\t\t\t\t\t\t\t\t\t\t\t\t<div class=\"premium-blog-content-wrapper\">\n\n\t\t\t\t\t<div class=\"premium-blog-inner-container\">\n\n\t\t\t\t\t\t\t\t\t\t\t\t\t\t<h2 class=\"premium-blog-entry-title\">\n\t\t\t<a href=\"https:\/\/www.joelprieto.com\/es\/2019\/03\/19\/joel-prieto-returns-to-the-teatro-real-in-madrid-as-fenton-in-falstaff\/\" target=\"_self\">\n\t\t\t\tJoel Prieto returns to the Teatro Real in Madrid as Fenton in &#8220;Falstaff&#8221;\t\t\t<\/a>\n\t\t<\/h2>\n\t\t\t\t<div class=\"premium-blog-entry-meta\">\n\t\t\t\n\t\t\t\n\t\t\t\n\t\t\t\t\t<\/div>\n\t\t\n\t\t\t\t\t<\/div>\n\n\t\t\t\t\t\t\t<div class=\"premium-blog-content-inner-wrapper\">\n\t\t<p class=\"premium-blog-post-content\">&#8211; The tenor will sing the Verdi opera after his first H\u00e4ndel in Barcelona March 2019 Audiences at the Teatro Real in \u2026<\/p>\t\t<\/div>\n\t\t\t\t\t\t\t\n\t\t\t\t<\/div>\n\t\t\t<\/div>\n\t\t<\/div>\n\n\t\t\t\t<div class=\"premium-blog-post-outer-container\" data-total=\"30\">\n\t\t\t<div class=\"premium-blog-post-container premium-blog-skin-modern\">\n\t\t\t\t\t\t\t\t\t<div class=\"premium-blog-thumb-effect-wrapper\">\n\t\t\t\t\t\t<div class=\"premium-blog-thumbnail-container premium-blog-zoomout-effect\">\n\t\t\t\t\t\t\t\t\t\t\t<a href=\"https:\/\/www.joelprieto.com\/es\/2019\/02\/21\/joel-prieto-returns-to-the-barcelona-liceu-with-rodelinda-2\/\" target=\"_self\">\n\t\t\t\t<img loading=\"lazy\" decoding=\"async\" width=\"500\" height=\"262\" src=\"https:\/\/www.joelprieto.com\/wp-content\/uploads\/2019\/02\/Rodelinda-Liceu-copia.jpg\" class=\"attachment-full size-full wp-image-1332\" alt=\"\" srcset=\"https:\/\/www.joelprieto.com\/wp-content\/uploads\/2019\/02\/Rodelinda-Liceu-copia.jpg 500w, https:\/\/www.joelprieto.com\/wp-content\/uploads\/2019\/02\/Rodelinda-Liceu-copia-300x157.jpg 300w, https:\/\/www.joelprieto.com\/wp-content\/uploads\/2019\/02\/Rodelinda-Liceu-copia-80x42.jpg 80w\" sizes=\"(max-width: 500px) 100vw, 500px\" \/>\t\t\t\t<\/a>\n\t\t\t\t\t\t\t\t\t\t<\/div>\n\t\t\t\t\t\t\t\t\t\t\t\t\t<div class=\"premium-blog-effect-container premium-blog-framed-effect\">\n\t\t\t\t\t\t\t\t<a class=\"premium-blog-post-link\" href=\"https:\/\/www.joelprieto.com\/es\/2019\/02\/21\/joel-prieto-returns-to-the-barcelona-liceu-with-rodelinda-2\/\" target=\"_self\"><span>Joel Prieto returns to the  Barcelona Liceu with &#8220;Rodelinda&#8221;<\/span><\/a>\n\t\t\t\t\t\t\t\t\t\t\t\t\t\t\t<\/div>\n\t\t\t\t\t\t\t\t\t\t\t<\/div>\n\t\t\t\t\t\t\t\t\t\t\t\t<div class=\"premium-blog-content-wrapper\">\n\n\t\t\t\t\t<div class=\"premium-blog-inner-container\">\n\n\t\t\t\t\t\t\t\t\t\t\t\t\t\t<h2 class=\"premium-blog-entry-title\">\n\t\t\t<a href=\"https:\/\/www.joelprieto.com\/es\/2019\/02\/21\/joel-prieto-returns-to-the-barcelona-liceu-with-rodelinda-2\/\" target=\"_self\">\n\t\t\t\tJoel Prieto returns to the  Barcelona Liceu with &#8220;Rodelinda&#8221;\t\t\t<\/a>\n\t\t<\/h2>\n\t\t\t\t<div class=\"premium-blog-entry-meta\">\n\t\t\t\n\t\t\t\n\t\t\t\n\t\t\t\t\t<\/div>\n\t\t\n\t\t\t\t\t<\/div>\n\n\t\t\t\t\t\t\t<div class=\"premium-blog-content-inner-wrapper\">\n\t\t<p class=\"premium-blog-post-content\">&nbsp; The tenor will take the role of Grimoaldo in this H\u00e4ndel opera, in its first performance at the Barcelona opera house \u2026<\/p>\t\t<\/div>\n\t\t\t\t\t\t\t\n\t\t\t\t<\/div>\n\t\t\t<\/div>\n\t\t<\/div>\n\n\t\t\t\t\t\t\t<\/div>\n\n\t\t\t\t\t<div class=\"premium-blog-footer\">\n\t\t\t\t\t\t\t<nav class=\"premium-blog-pagination-container\" role=\"navigation\" aria-label=\"Paginaci\u00f3n\">\n\t\t\t\t<span aria-current=\"page\" class=\"page-numbers current\">1<\/span>\n<a class=\"page-numbers\" href=\"https:\/\/www.joelprieto.com\/es\/wp-json\/wp\/v2\/pages\/25482\/page\/2\/\">2<\/a>\n<a class=\"page-numbers\" href=\"https:\/\/www.joelprieto.com\/es\/wp-json\/wp\/v2\/pages\/25482\/page\/3\/\">3<\/a>\n<span class=\"page-numbers dots\">&hellip;<\/span>\n<a class=\"page-numbers\" href=\"https:\/\/www.joelprieto.com\/es\/wp-json\/wp\/v2\/pages\/25482\/page\/5\/\">5<\/a>\n<a class=\"next page-numbers\" href=\"https:\/\/www.joelprieto.com\/es\/wp-json\/wp\/v2\/pages\/25482\/page\/2\/\">Next \u00bb<\/a>\t\t\t<\/nav>\n\t\t\t\t\t\t<\/div>\n\t\t\n\t\t\n\t\t\t\t\t\t<\/div>\n\t\t\t\t<\/div>\n\t\t\t\t\t<\/div>\n\t\t<\/div>\n\t\t\t\t\t<\/div>\n\t\t<\/section>\n\t\t\t\t<\/div>","protected":false},"excerpt":{"rendered":"<p>News Entrevista en Scherzo &nbsp; El mundo lo conocio\u0301 de la noche a la man\u0303ana cuando, en 2008, se alzaba con el primer premio del concurso Operalia. Trece an\u0303os ma\u0301s tarde, es imposible concebir la escena operi\u0301stica sin e\u0301l. E\u0301l es Joel Prieto (Madrid, 1981), un cantante versa\u0301til, con un amplio repertorio que va \u2026 [&hellip;]<\/p>\n","protected":false},"author":1,"featured_media":0,"parent":0,"menu_order":0,"comment_status":"closed","ping_status":"closed","template":"","meta":{"_acf_changed":false,"site-sidebar-layout":"no-sidebar","site-content-layout":"page-builder","ast-site-content-layout":"default","site-content-style":"default","site-sidebar-style":"default","ast-global-header-display":"","ast-banner-title-visibility":"","ast-main-header-display":"","ast-hfb-above-header-display":"","ast-hfb-below-header-display":"","ast-hfb-mobile-header-display":"","site-post-title":"disabled","ast-breadcrumbs-content":"","ast-featured-img":"disabled","footer-sml-layout":"","ast-disable-related-posts":"","theme-transparent-header-meta":"default","adv-header-id-meta":"","stick-header-meta":"","header-above-stick-meta":"","header-main-stick-meta":"","header-below-stick-meta":"","astra-migrate-meta-layouts":"default","ast-page-background-enabled":"default","ast-page-background-meta":{"desktop":{"background-color":"","background-image":"","background-repeat":"repeat","background-position":"center center","background-size":"auto","background-attachment":"scroll","background-type":"","background-media":"","overlay-type":"","overlay-color":"","overlay-opacity":"","overlay-gradient":""},"tablet":{"background-color":"","background-image":"","background-repeat":"repeat","background-position":"center center","background-size":"auto","background-attachment":"scroll","background-type":"","background-media":"","overlay-type":"","overlay-color":"","overlay-opacity":"","overlay-gradient":""},"mobile":{"background-color":"","background-image":"","background-repeat":"repeat","background-position":"center center","background-size":"auto","background-attachment":"scroll","background-type":"","background-media":"","overlay-type":"","overlay-color":"","overlay-opacity":"","overlay-gradient":""}},"ast-content-background-meta":{"desktop":{"background-color":"var(--ast-global-color-5)","background-image":"","background-repeat":"repeat","background-position":"center center","background-size":"auto","background-attachment":"scroll","background-type":"","background-media":"","overlay-type":"","overlay-color":"","overlay-opacity":"","overlay-gradient":""},"tablet":{"background-color":"var(--ast-global-color-5)","background-image":"","background-repeat":"repeat","background-position":"center center","background-size":"auto","background-attachment":"scroll","background-type":"","background-media":"","overlay-type":"","overlay-color":"","overlay-opacity":"","overlay-gradient":""},"mobile":{"background-color":"var(--ast-global-color-5)","background-image":"","background-repeat":"repeat","background-position":"center center","background-size":"auto","background-attachment":"scroll","background-type":"","background-media":"","overlay-type":"","overlay-color":"","overlay-opacity":"","overlay-gradient":""}},"footnotes":""},"class_list":["post-25482","page","type-page","status-publish","hentry"],"acf":[],"_links":{"self":[{"href":"https:\/\/www.joelprieto.com\/es\/wp-json\/wp\/v2\/pages\/25482","targetHints":{"allow":["GET"]}}],"collection":[{"href":"https:\/\/www.joelprieto.com\/es\/wp-json\/wp\/v2\/pages"}],"about":[{"href":"https:\/\/www.joelprieto.com\/es\/wp-json\/wp\/v2\/types\/page"}],"author":[{"embeddable":true,"href":"https:\/\/www.joelprieto.com\/es\/wp-json\/wp\/v2\/users\/1"}],"replies":[{"embeddable":true,"href":"https:\/\/www.joelprieto.com\/es\/wp-json\/wp\/v2\/comments?post=25482"}],"version-history":[{"count":0,"href":"https:\/\/www.joelprieto.com\/es\/wp-json\/wp\/v2\/pages\/25482\/revisions"}],"wp:attachment":[{"href":"https:\/\/www.joelprieto.com\/es\/wp-json\/wp\/v2\/media?parent=25482"}],"curies":[{"name":"wp","href":"https:\/\/api.w.org\/{rel}","templated":true}]}}